{"id":33,"date":"2021-10-31T20:59:34","date_gmt":"2021-10-31T19:59:34","guid":{"rendered":"https:\/\/associationlamancha.fr\/?page_id=33"},"modified":"2025-01-13T11:31:10","modified_gmt":"2025-01-13T10:31:10","slug":"statuts","status":"publish","type":"page","link":"https:\/\/associationlamancha.fr\/index.php\/statuts\/","title":{"rendered":"Statuts"},"content":{"rendered":"<p>[et_pb_section fb_built=\u00a0\u00bb1&Prime; _builder_version=\u00a0\u00bb4.17.3&Prime; _module_preset=\u00a0\u00bbdefault\u00a0\u00bb global_colors_info=\u00a0\u00bb{}\u00a0\u00bb][et_pb_row _builder_version=\u00a0\u00bb4.17.3&Prime; _module_preset=\u00a0\u00bbdefault\u00a0\u00bb global_colors_info=\u00a0\u00bb{}\u00a0\u00bb][et_pb_column type=\u00a0\u00bb4_4&Prime; _builder_version=\u00a0\u00bb4.17.3&Prime; _module_preset=\u00a0\u00bbdefault\u00a0\u00bb global_colors_info=\u00a0\u00bb{}\u00a0\u00bb][et_pb_text _builder_version=\u00a0\u00bb4.17.3&Prime; _module_preset=\u00a0\u00bbdefault\u00a0\u00bb hover_enabled=\u00a0\u00bb0&Prime; global_colors_info=\u00a0\u00bb{}\u00a0\u00bb sticky_enabled=\u00a0\u00bb0&Prime;]<\/p>\n<h6><\/h6>\n<p>Les r\u00e9servations avec Helloasso, c&rsquo;est simple, rapide. Helloasso est totalement s\u00e9curis\u00e9, sp\u00e9cialement con\u00e7u pour les Associations<\/p>\n<p>&nbsp;<\/p>\n<p>Choisissez, cliquez&#8230;<\/p>\n<p>&nbsp;<\/p>\n<p>Pour toute question, <a href=\"mailto:associationlamancha@gmail.com\">associationlamancha@gmail.com<\/a> ou via Messenger<\/p>\n<p>&nbsp;<\/p>\n<p>&nbsp;<\/p>\n<h4><\/h4>\n<p>[\/et_pb_text][\/et_pb_column][\/et_pb_row][\/et_pb_section]<\/p>\n","protected":false},"excerpt":{"rendered":"<p>Les r\u00e9servations avec Helloasso, c&rsquo;est simple, rapide. Helloasso est totalement s\u00e9curis\u00e9, sp\u00e9cialement con\u00e7u pour les Associations &nbsp; Choisissez, cliquez&#8230; &nbsp; Pour toute question, associationlamancha@gmail.com ou via Messenger &nbsp; &nbsp;<\/p>\n","protected":false},"author":1,"featured_media":0,"parent":0,"menu_order":0,"comment_status":"closed","ping_status":"closed","template":"page-template-blank.php","meta":{"_et_pb_use_builder":"on","_et_pb_old_content":"<!-- wp:paragraph -->\n<p>               <strong><span class=\"has-inline-color has-black-color\"> Statuts de l'association<\/span><\/strong><\/p>\n<!-- \/wp:paragraph -->\n\n<!-- wp:paragraph -->\n<p>                                                                 <strong><span class=\"has-inline-color has-black-color\">LA TACHE<\/span><\/strong><\/p>\n<!-- \/wp:paragraph -->\n\n<!-- wp:paragraph -->\n<p><\/p>\n<!-- \/wp:paragraph -->\n\n<!-- wp:paragraph -->\n<p><\/p>\n<!-- \/wp:paragraph -->\n\n<!-- wp:paragraph -->\n<p><strong><span class=\"has-inline-color has-black-color\"><em>Article 1<sup>er <\/sup>:<\/em><\/span><\/strong><\/p>\n<!-- \/wp:paragraph -->\n\n<!-- wp:paragraph -->\n<p>          <span class=\"has-inline-color has-black-color\">Il est fond\u00e9 entre les adh\u00e9rents aux pr\u00e9sents statuts une association r\u00e9gie par la loi du 1<sup>er<\/sup> juillet 1901 et le d\u00e9cret du 16 ao\u00fbt 1901 ayant pour titre <\/span>:<\/p>\n<!-- \/wp:paragraph -->\n\n<!-- wp:paragraph -->\n<p>                                                         <span class=\"has-inline-color has-black-color\">Mouvement d'Amiti\u00e9 Normand pour la Culture Hispano-Am\u00e9ricaine (M.A.N.C.H.A.)<\/span><\/p>\n<!-- \/wp:paragraph -->\n\n<!-- wp:paragraph -->\n<p><strong><span class=\"has-inline-color has-black-color\"><em>Article 2<\/em><\/span> :<\/strong><\/p>\n<!-- \/wp:paragraph -->\n\n<!-- wp:paragraph -->\n<p>         <span class=\"has-inline-color has-black-color\">Cette association a pour but : La promotion de la culture hispanique sous la forme de spectacles, voyages, expositions, Conf\u00e9rences, cours d\u2019espagnol, cours de<\/span> <span class=\"has-inline-color has-black-color\">cuisine, r\u00e9unions amicales, \u00e9changes, repas et accueil.<\/span><\/p>\n<!-- \/wp:paragraph -->\n\n<!-- wp:paragraph -->\n<p><\/p>\n<!-- \/wp:paragraph -->\n\n<!-- wp:paragraph -->\n<p><strong><em><span class=\"has-inline-color has-black-color\">Article 3 :<\/span><\/em><\/strong><\/p>\n<!-- \/wp:paragraph -->\n\n<!-- wp:paragraph -->\n<p>         <span class=\"has-inline-color has-black-color\">Le si\u00e8ge social est fixe :<\/span><\/p>\n<!-- \/wp:paragraph -->\n\n<!-- wp:paragraph -->\n<p>                                                       <span class=\"has-inline-color has-black-color\"> 15 rue de l\u2019Alma<\/span><\/p>\n<!-- \/wp:paragraph -->\n\n<!-- wp:paragraph -->\n<p>                                                        <span class=\"has-inline-color has-black-color\">50100 Cherbourg -Octeville (Local sans permanence ni num\u00e9ro de t\u00e9l\u00e9phone)<\/span><\/p>\n<!-- \/wp:paragraph -->\n\n<!-- wp:paragraph -->\n<p><span style=\"background-color:rgba(0, 0, 0, 0)\" class=\"has-inline-color has-black-color\">Il pourra \u00eatre transf\u00e9r\u00e9 par simple d\u00e9cision du Bureau de l'association qui devra \u00eatre suivie d'une ratification par l'Assembl\u00e9e G\u00e9n\u00e9rale.<\/span><\/p>\n<!-- \/wp:paragraph -->\n\n<!-- wp:paragraph -->\n<p><\/p>\n<!-- \/wp:paragraph -->\n\n<!-- wp:paragraph -->\n<p><strong><em><span class=\"has-inline-color has-black-color\">Article 4 :<\/span><\/em><\/strong><\/p>\n<!-- \/wp:paragraph -->\n\n<!-- wp:paragraph -->\n<p>                             <span class=\"has-inline-color has-black-color\">  L'Association se compose de :<\/span><\/p>\n<!-- \/wp:paragraph -->\n\n<!-- wp:paragraph -->\n<p>                                               <span class=\"has-inline-color has-black-color\">A) Membres d'honneur.<\/span><\/p>\n<!-- \/wp:paragraph -->\n\n<!-- wp:paragraph -->\n<p>                                               <span class=\"has-inline-color has-black-color\">B) Membres actifs.<\/span><\/p>\n<!-- \/wp:paragraph -->\n\n<!-- wp:paragraph -->\n<p><span style=\"background-color:rgba(0, 0, 0, 0)\" class=\"has-inline-color has-black-color\">L'association est ouverte \u00e0 tous, sous r\u00e9serve d'agr\u00e9ment par le Bureau qui statue, lors de chacune de ses r\u00e9unions sur les demandes d'admission pr\u00e9sent\u00e9es.<\/span><\/p>\n<!-- \/wp:paragraph -->\n\n<!-- wp:paragraph -->\n<p><\/p>\n<!-- \/wp:paragraph -->\n\n<!-- wp:paragraph -->\n<p><strong><em><span class=\"has-inline-color has-black-color\">Article 5 :<\/span><\/em><\/strong><\/p>\n<!-- \/wp:paragraph -->\n\n<!-- wp:paragraph -->\n<p><span style=\"background-color:rgba(0, 0, 0, 0)\" class=\"has-inline-color has-black-color\">Sont membres d'honneur ceux qui ont rendu des services signal\u00e9s \u00e0 l'association.<\/span><\/p>\n<!-- \/wp:paragraph -->\n\n<!-- wp:paragraph -->\n<p><span style=\"background-color:rgba(0, 0, 0, 0)\" class=\"has-inline-color has-black-color\">Sont membres actifs ceux qui versent annuellement une cotisation dont le montant est fix\u00e9 chaque ann\u00e9e par l'Assembl\u00e9e G\u00e9n\u00e9rale, re\u00e7oivent une carte d'adh\u00e9rent revalid\u00e9e annuellement.<\/span><\/p>\n<!-- \/wp:paragraph -->\n\n<!-- wp:paragraph -->\n<p><\/p>\n<!-- \/wp:paragraph -->\n\n<!-- wp:paragraph -->\n<p><strong><em><span class=\"has-inline-color has-black-color\">Article 6 :<\/span><\/em><\/strong><\/p>\n<!-- \/wp:paragraph -->\n\n<!-- wp:paragraph -->\n<p><span style=\"background-color:rgba(0, 0, 0, 0)\" class=\"has-inline-color has-black-color\">La qualit\u00e9 de membre de l'Association est rendue caduque en cas le d\u00e9c\u00e8s, de d\u00e9mission, ou non-paiement de la cotisation ou par radiation pour motif grave prononc\u00e9e par l'Assembl\u00e9e G\u00e9n\u00e9rale ; l\u2019int\u00e9ress\u00e9 ayant \u00e9t\u00e9 invit\u00e9 par lettre recommand\u00e9e \u00e0 se pr\u00e9senter pr\u00e9alablement devant le Bureau pour fournir des explications.<\/span><\/p>\n<!-- \/wp:paragraph -->\n\n<!-- wp:paragraph -->\n<p><\/p>\n<!-- \/wp:paragraph -->\n\n<!-- wp:paragraph -->\n<p><em><span class=\"has-inline-color has-black-color\"><strong>Article 7 :<\/strong><\/span><\/em><\/p>\n<!-- \/wp:paragraph -->\n\n<!-- wp:paragraph -->\n<p><span style=\"background-color:rgba(0, 0, 0, 0)\" class=\"has-inline-color has-black-color\">Les ressources de l\u2019association comprennent :<\/span><\/p>\n<!-- \/wp:paragraph -->\n\n<!-- wp:paragraph -->\n<p>                       <span class=\"has-inline-color has-black-color\">A) Le montant des droits, d'entr\u00e9e et des cotisations.<\/span><\/p>\n<!-- \/wp:paragraph -->\n\n<!-- wp:paragraph -->\n<p>                       <span class=\"has-inline-color has-black-color\">B) Les subventions des Collectivit\u00e9s Locales, des Communes &nbsp;&nbsp; et des entreprises publiques ou priv\u00e9es.<\/span><\/p>\n<!-- \/wp:paragraph -->\n\n<!-- wp:paragraph -->\n<p>                       <span class=\"has-inline-color has-black-color\">C) Les recettes des manifestations payantes organis\u00e9es par l'association.<\/span><\/p>\n<!-- \/wp:paragraph -->\n\n<!-- wp:paragraph -->\n<p>                       <span class=\"has-inline-color has-black-color\">D) Les dons en esp\u00e8ces ou en nature.<\/span><\/p>\n<!-- \/wp:paragraph -->\n\n<!-- wp:paragraph -->\n<p><\/p>\n<!-- \/wp:paragraph -->\n\n<!-- wp:paragraph -->\n<p><strong>&nbsp;<em><span class=\"has-inline-color has-black-color\">Article 8 :<\/span><\/em><\/strong><\/p>\n<!-- \/wp:paragraph -->\n\n<!-- wp:paragraph -->\n<p><span style=\"background-color:rgba(0, 0, 0, 0)\" class=\"has-inline-color has-black-color\">L\u2019Association est dirig\u00e9e par un Bureau de membres \u00e9lus pour 1 an par l'Assembl\u00e9e G\u00e9n\u00e9rale. Les membres du Bureau sont r\u00e9\u00e9ligibles.<\/span><\/p>\n<!-- \/wp:paragraph -->\n\n<!-- wp:paragraph -->\n<p><span style=\"background-color:rgba(0, 0, 0, 0)\" class=\"has-inline-color has-black-color\">L'Assembl\u00e9e G\u00e9n\u00e9rale choisit parmi ses membres, au scrutin secret, un Bureau compos\u00e9 de :<\/span><\/p>\n<!-- \/wp:paragraph -->\n\n<!-- wp:paragraph -->\n<p>           <span class=\"has-inline-color has-black-color\">A) Un(e) pr\u00e9sident(e).<\/span><\/p>\n<!-- \/wp:paragraph -->\n\n<!-- wp:paragraph -->\n<p>           <span class=\"has-inline-color has-black-color\">B) Un(e) tr\u00e9sorier(i\u00e8re).<\/span><\/p>\n<!-- \/wp:paragraph -->\n\n<!-- wp:paragraph -->\n<p>           <span class=\"has-inline-color has-black-color\">C) Une(un) secr\u00e9taire.<\/span><\/p>\n<!-- \/wp:paragraph -->\n\n<!-- wp:paragraph -->\n<p>           <span class=\"has-inline-color has-black-color\">D) Un ou une charg\u00e9(e) de communication<\/span><\/p>\n<!-- \/wp:paragraph -->\n\n<!-- wp:paragraph -->\n<p><\/p>\n<!-- \/wp:paragraph -->\n\n<!-- wp:paragraph -->\n<p><strong>&nbsp;<em><span class=\"has-inline-color has-black-color\">Article 9 :<\/span><\/em><\/strong><\/p>\n<!-- \/wp:paragraph -->\n\n<!-- wp:paragraph -->\n<p><span style=\"background-color:rgba(0, 0, 0, 0)\" class=\"has-inline-color has-black-color\">En cas de vacance, le Bureau pourvoit au remplacement provisoire de ses membres. Il est proc\u00e9d\u00e9 au remplacement d\u00e9finitif lors de l'Assembl\u00e9e G\u00e9n\u00e9rale qui suit. Les pouvoirs des membres provisoires prennent fin \u00e0 la date d'expiration normale des mandats des membres qu'ils remplacent.<\/span><\/p>\n<!-- \/wp:paragraph -->\n\n<!-- wp:paragraph -->\n<p><\/p>\n<!-- \/wp:paragraph -->\n\n<!-- wp:paragraph -->\n<p><strong><em><span class=\"has-inline-color has-black-color\">Article 10 :<\/span><\/em><\/strong><\/p>\n<!-- \/wp:paragraph -->\n\n<!-- wp:paragraph -->\n<p><span style=\"background-color:rgba(0, 0, 0, 0)\" class=\"has-inline-color has-black-color\">Le Bureau de l'association se r\u00e9unit au gr\u00e9 des besoins, ou sur convocation du pr\u00e9sident(e), ou sur demande du quart de ses membres.<\/span><\/p>\n<!-- \/wp:paragraph -->\n\n<!-- wp:paragraph -->\n<p><\/p>\n<!-- \/wp:paragraph -->\n\n<!-- wp:paragraph -->\n<p><strong><em><span class=\"has-inline-color has-black-color\">Article 11 :<\/span><\/em><\/strong><\/p>\n<!-- \/wp:paragraph -->\n\n<!-- wp:paragraph -->\n<p><span style=\"background-color:rgba(0, 0, 0, 0)\" class=\"has-inline-color has-black-color\">L'Assembl\u00e9e G\u00e9n\u00e9rale ordinaire se r\u00e9unit chaque ann\u00e9e au mois de juin (sauf cas de force majeur). Elle comprend tous les membres de l'association \u00e0 jour de leur cotisation.<\/span><\/p>\n<!-- \/wp:paragraph -->\n\n<!-- wp:paragraph -->\n<p><span style=\"background-color:rgba(0, 0, 0, 0)\" class=\"has-inline-color has-black-color\">Quinze jours au moins avant la date fix\u00e9e, le(la) secr\u00e9taire envoie \u00e0 chaque membre une convocation indiquant le lieu, la date<\/span> <span style=\"background-color:rgba(0, 0, 0, 0)\" class=\"has-inline-color has-black-color\">et l'ordre du jour de la r\u00e9union.<\/span><\/p>\n<!-- \/wp:paragraph -->\n\n<!-- wp:paragraph -->\n<p><span style=\"background-color:rgba(0, 0, 0, 0)\" class=\"has-inline-color has-black-color\">Les propositions pour l'inscription d'une question \u00e0 l'ordre du jour doivent parvenir au Bureau huit jours au moins avant l'Assembl\u00e9e G\u00e9n\u00e9rale.<\/span><\/p>\n<!-- \/wp:paragraph -->\n\n<!-- wp:paragraph -->\n<p><span style=\"background-color:rgba(0, 0, 0, 0)\" class=\"has-inline-color has-black-color\">Ne devront \u00eatre trait\u00e9es, lors de l\u2019Assembl\u00e9e G\u00e9n\u00e9rale, que les questions inscrites \u00e0 l'ordre du jour.<\/span><\/p>\n<!-- \/wp:paragraph -->\n\n<!-- wp:paragraph -->\n<p><span style=\"background-color:rgba(0, 0, 0, 0)\" class=\"has-inline-color has-black-color\">Le(a) Pr\u00e9sident(e), assist\u00e9 des membres du Bureau, pr\u00e9side l'Assembl\u00e9e.<\/span><\/p>\n<!-- \/wp:paragraph -->\n\n<!-- wp:paragraph -->\n<p><span style=\"background-color:rgba(0, 0, 0, 0)\" class=\"has-inline-color has-black-color\">Si le quorum de 50% des adh\u00e9rents + 1 voix n\u2019est pas atteint lors de cette assembl\u00e9e, une second<\/span>e <span style=\"background-color:rgba(0, 0, 0, 0)\" class=\"has-inline-color has-black-color\">AG sera convoqu\u00e9e le m\u00eame jour et dans le m\u00eame lieu, une 1\/2 heure<\/span> <span style=\"background-color:rgba(0, 0, 0, 0)\" class=\"has-inline-color has-black-color\">plus tard, sans obligation de quorum. <strong><u>En cas de force majeur type pand\u00e9mie, obligation l\u00e9gislative ou autre il sera ramen\u00e9 \u00e0 30% des adh\u00e9rents en un seul tour avec <\/u><\/strong><\/span><strong><u><span style=\"background-color:rgba(0, 0, 0, 0)\" class=\"has-inline-color has-black-color\">vote par courrier ou courriel et r\u00e9ception des votes jusqu'\u00e0 15 jours apr\u00e8s la date de diffusion de l'AG<\/span><\/u><\/strong>\u00a0.<\/p>\n<!-- \/wp:paragraph -->\n\n<!-- wp:paragraph -->\n<p><span style=\"background-color:rgba(0, 0, 0, 0)\" class=\"has-inline-color has-black-color\">Le(a) Pr\u00e9sident(e) expose la situation morale de l'Association et pr\u00e9sente le rapport d'Activit\u00e9s.<\/span><br><span style=\"background-color:rgba(0, 0, 0, 0)\" class=\"has-inline-color has-black-color\">Le(a) Tr\u00e9sorier(i\u00e8re) rend compte de sa gestion et soumet le bilan \u00e0 l'approbation de l'Assembl\u00e9e.<\/span><br><span style=\"background-color:rgba(0, 0, 0, 0)\" class=\"has-inline-color has-black-color\">Apr\u00e8s \u00e9puisement de l'ordre du jour, il est proc\u00e9d\u00e9 au remplacement, au scrutin secret, des membres du Bureau sortant.<\/span><\/p>\n<!-- \/wp:paragraph -->\n\n<!-- wp:paragraph -->\n<p><\/p>\n<!-- \/wp:paragraph -->\n\n<!-- wp:paragraph -->\n<p><strong><em><span class=\"has-inline-color has-black-color\">Article 12 :<\/span><\/em><\/strong><\/p>\n<!-- \/wp:paragraph -->\n\n<!-- wp:paragraph -->\n<p><span style=\"background-color:rgba(0, 0, 0, 0)\" class=\"has-inline-color has-black-color\">Sur demande de la moiti\u00e9 plus un des membres inscrits, le(a) pr\u00e9sident(a) peut convoquer une Assembl\u00e9e g\u00e9n\u00e9rale extraordinaire, suivant les formalit\u00e9s pr\u00e9vues \u00e0<\/span> <span style=\"background-color:rgba(0, 0, 0, 0)\" class=\"has-inline-color has-black-color\">l'article 11.<\/span><\/p>\n<!-- \/wp:paragraph -->\n\n<!-- wp:paragraph -->\n<p><\/p>\n<!-- \/wp:paragraph -->\n\n<!-- wp:paragraph -->\n<p><strong><span class=\"has-inline-color has-black-color\"><em>Article 13 :<\/em><\/span><\/strong><\/p>\n<!-- \/wp:paragraph -->\n\n<!-- wp:paragraph -->\n<p><span style=\"background-color:rgba(0, 0, 0, 0)\" class=\"has-inline-color has-black-color\">En cas de dissolution prononc\u00e9e par les deux tiers au moins des membres pr\u00e9sents \u00e0 l'Assembl\u00e9e G\u00e9n\u00e9rale, un ou plusieurs liquidateurs sont nomm\u00e9s par celle-ci, et<\/span> <span style=\"background-color:rgba(0, 0, 0, 0)\" class=\"has-inline-color has-black-color\">l'actif, s'il y a lieu, est d\u00e9volu conform\u00e9ment \u00e0 l'article 9 de la loi du 1er juillet\u00a0 1901 et au d\u00e9cret du\u00a0 16 ao\u00fbt 1901.<\/span><\/p>\n<!-- \/wp:paragraph -->\n\n<!-- wp:paragraph -->\n<p><\/p>\n<!-- \/wp:paragraph -->\n\n<!-- wp:paragraph -->\n<p id=\"block-ba9ba731-592e-43f1-82ec-2c40ebaf37c3\"><span style=\"background-color:rgba(0, 0, 0, 0)\" class=\"has-inline-color has-black-color\">\u00c0 Cherbourg-Octeville le 27 novembre 202<\/span>0<\/p>\n<!-- \/wp:paragraph -->\n\n<!-- wp:paragraph -->\n<p><span style=\"background-color:rgba(0, 0, 0, 0)\" class=\"has-inline-color has-black-color\">Le(a) Pr\u00e9sident(e)<\/span><span style=\"background-color:rgba(0, 0, 0, 0)\" class=\"has-inline-color has-white-color\">..............................................................................<\/span>L<span style=\"background-color:rgba(0, 0, 0, 0)\" class=\"has-inline-color has-black-color\">e(a)  Tr\u00e9sorier(i\u00e8re)<\/span><\/p>\n<!-- \/wp:paragraph -->\n\n<!-- wp:paragraph -->\n<p><span style=\"background-color:rgba(0, 0, 0, 0)\" class=\"has-inline-color has-black-color\">Jean-Marie Ciamporciero\u00a0<\/span>\u00a0\u00a0\u00a0\u00a0\u00a0\u00a0\u00a0\u00a0\u00a0\u00a0\u00a0\u00a0\u00a0\u00a0\u00a0\u00a0\u00a0\u00a0\u00a0\u00a0\u00a0\u00a0\u00a0\u00a0\u00a0\u00a0\u00a0\u00a0\u00a0\u00a0\u00a0\u00a0\u00a0\u00a0\u00a0\u00a0\u00a0\u00a0\u00a0\u00a0\u00a0\u00a0\u00a0\u00a0\u00a0\u00a0\u00a0\u00a0 \u00a0\u00a0\u00a0\u00a0\u00a0\u00a0\u00a0\u00a0\u00a0\u00a0\u00a0\u00a0\u00a0 <span style=\"background-color:rgba(0, 0, 0, 0)\" class=\"has-inline-color has-black-color\">No\u00ebl  Bughin<\/span><\/p>\n<!-- \/wp:paragraph -->","_et_gb_content_width":"1080","_uag_custom_page_level_css":"","_price":"","_stock":"","_tribe_ticket_header":"","_tribe_default_ticket_provider":"","_tribe_ticket_capacity":"0","_ticket_start_date":"","_ticket_end_date":"","_tribe_ticket_show_description":"","_tribe_ticket_show_not_going":false,"_tribe_ticket_use_global_stock":"","_tribe_ticket_global_stock_level":"","_global_stock_mode":"","_global_stock_cap":"","_tribe_rsvp_for_event":"","_tribe_ticket_going_count":"","_tribe_ticket_not_going_count":"","_tribe_tickets_list":"[]","_tribe_ticket_has_attendee_info_fields":false,"footnotes":"","_tec_slr_enabled":"","_tec_slr_layout":""},"class_list":["post-33","page","type-page","status-publish","hentry"],"uagb_featured_image_src":{"full":false,"thumbnail":false,"medium":false,"medium_large":false,"large":false,"1536x1536":false,"2048x2048":false,"bloom_image":false,"et-pb-post-main-image":false,"et-pb-post-main-image-fullwidth":false,"et-pb-portfolio-image":false,"et-pb-portfolio-module-image":false,"et-pb-portfolio-image-single":false,"et-pb-gallery-module-image-portrait":false,"et-pb-post-main-image-fullwidth-large":false,"et-pb-image--responsive--desktop":false,"et-pb-image--responsive--tablet":false,"et-pb-image--responsive--phone":false},"uagb_author_info":{"display_name":"admin4162","author_link":"https:\/\/associationlamancha.fr"},"uagb_comment_info":0,"uagb_excerpt":"Les r\u00e9servations avec Helloasso, c'est simple, rapide. Helloasso est totalement s\u00e9curis\u00e9, sp\u00e9cialement con\u00e7u pour les Associations &nbsp; Choisissez, cliquez... &nbsp; Pour toute question, associationlamancha@gmail.com ou via Messenger &nbsp; &nbsp;","ticketed":false,"_links":{"self":[{"href":"https:\/\/associationlamancha.fr\/index.php\/wp-json\/wp\/v2\/pages\/33","targetHints":{"allow":["GET"]}}],"collection":[{"href":"https:\/\/associationlamancha.fr\/index.php\/wp-json\/wp\/v2\/pages"}],"about":[{"href":"https:\/\/associationlamancha.fr\/index.php\/wp-json\/wp\/v2\/types\/page"}],"author":[{"embeddable":true,"href":"https:\/\/associationlamancha.fr\/index.php\/wp-json\/wp\/v2\/users\/1"}],"replies":[{"embeddable":true,"href":"https:\/\/associationlamancha.fr\/index.php\/wp-json\/wp\/v2\/comments?post=33"}],"version-history":[{"count":33,"href":"https:\/\/associationlamancha.fr\/index.php\/wp-json\/wp\/v2\/pages\/33\/revisions"}],"predecessor-version":[{"id":1661293,"href":"https:\/\/associationlamancha.fr\/index.php\/wp-json\/wp\/v2\/pages\/33\/revisions\/1661293"}],"wp:attachment":[{"href":"https:\/\/associationlamancha.fr\/index.php\/wp-json\/wp\/v2\/media?parent=33"}],"curies":[{"name":"wp","href":"https:\/\/api.w.org\/{rel}","templated":true}]}}