{"id":433619,"date":"2022-05-30T22:15:45","date_gmt":"2022-05-30T20:15:45","guid":{"rendered":"https:\/\/associationlamancha.fr\/?page_id=433619"},"modified":"2025-01-08T10:54:29","modified_gmt":"2025-01-08T09:54:29","slug":"s-a-l-c-2","status":"publish","type":"page","link":"https:\/\/associationlamancha.fr\/index.php\/s-a-l-c-2\/","title":{"rendered":"S.A.L.C"},"content":{"rendered":"<p>[et_pb_section fb_built=\u00a0\u00bb1&Prime; admin_label=\u00a0\u00bbsection\u00a0\u00bb _builder_version=\u00a0\u00bb4.16&Prime; width=\u00a0\u00bb99.9%\u00a0\u00bb global_colors_info=\u00a0\u00bb{}\u00a0\u00bb][et_pb_row column_structure=\u00a0\u00bb1_2,1_2&Prime; admin_label=\u00a0\u00bbrow\u00a0\u00bb _builder_version=\u00a0\u00bb4.17.3&Prime; background_size=\u00a0\u00bbinitial\u00a0\u00bb background_position=\u00a0\u00bbtop_left\u00a0\u00bb background_repeat=\u00a0\u00bbrepeat\u00a0\u00bb width=\u00a0\u00bb38%\u00a0\u00bb min_height=\u00a0\u00bb614.9px\u00a0\u00bb border_width_all=\u00a0\u00bb1px\u00a0\u00bb border_color_all=\u00a0\u00bb#000000&Prime; global_colors_info=\u00a0\u00bb{}\u00a0\u00bb][et_pb_column type=\u00a0\u00bb1_2&Prime; _builder_version=\u00a0\u00bb4.16&Prime; custom_padding=\u00a0\u00bb|||\u00a0\u00bb global_colors_info=\u00a0\u00bb{}\u00a0\u00bb custom_padding__hover=\u00a0\u00bb|||\u00a0\u00bb][et_pb_text _builder_version=\u00a0\u00bb4.17.3&Prime; _module_preset=\u00a0\u00bbdefault\u00a0\u00bb text_font=\u00a0\u00bbActor||||||||\u00a0\u00bb text_font_size=\u00a0\u00bb19px\u00a0\u00bb width=\u00a0\u00bb85%\u00a0\u00bb max_width=\u00a0\u00bb83%\u00a0\u00bb module_alignment=\u00a0\u00bbcenter\u00a0\u00bb min_height=\u00a0\u00bb314px\u00a0\u00bb height=\u00a0\u00bb286px\u00a0\u00bb max_height=\u00a0\u00bb1000px\u00a0\u00bb custom_padding=\u00a0\u00bb100px||2px||false|false\u00a0\u00bb border_color_all=\u00a0\u00bb#E02B20&Prime; global_colors_info=\u00a0\u00bb{}\u00a0\u00bb]<\/p>\n<p style=\"text-align: left;\">Chaque<span> ann\u00e9e, la France met \u00e0 l\u2019honneur l\u2019Am\u00e9rique latine et les Cara\u00efbes \u00e0 travers des <strong>S<\/strong>emaines de l\u2019<strong>A<\/strong>m\u00e9rique <strong>L<\/strong>atine et les <strong>C<\/strong>ara\u00efbes (S. A. L. C.).<\/span><\/p>\n<p><span><\/span><\/p>\n<p><span> Une occasion de c\u00e9l\u00e9brer les liens d\u2019amiti\u00e9 et les int\u00e9r\u00eats partag\u00e9s entre nos deux r\u00e9gions, mais aussi de d\u00e9couvrir la richesse et la diversit\u00e9 de ce sous-continent autour d\u2019une riche palette d\u2019\u00e9v\u00e9nements culturels, scientifiques, politiques, \u00e9conomiques ou simplement festifs du 16 mai au 2 juin 2024.<\/span><\/p>\n<p><span><\/span><\/p>\n<p>MANCHA a particip\u00e9 \u00e0 la 12\u00e8me \u00e9dition.<\/p>\n<p>&nbsp;<\/p>\n<p>[\/et_pb_text][\/et_pb_column][et_pb_column type=\u00a0\u00bb1_2&Prime; _builder_version=\u00a0\u00bb4.17.3&Prime; _module_preset=\u00a0\u00bbdefault\u00a0\u00bb global_colors_info=\u00a0\u00bb{}\u00a0\u00bb][et_pb_image src=\u00a0\u00bbhttps:\/\/associationlamancha.fr\/wp-content\/uploads\/2024\/02\/Screenshot-2024-02-01-10.55.22.png\u00a0\u00bb title_text=\u00a0\u00bbScreenshot 2024-02-01 10.55.22&Prime; _builder_version=\u00a0\u00bb4.17.3&Prime; _module_preset=\u00a0\u00bbdefault\u00a0\u00bb width=\u00a0\u00bb61%\u00a0\u00bb max_width=\u00a0\u00bb72%\u00a0\u00bb module_alignment=\u00a0\u00bbleft\u00a0\u00bb custom_padding=\u00a0\u00bb20px||||false|false\u00a0\u00bb global_colors_info=\u00a0\u00bb{}\u00a0\u00bb][\/et_pb_image][et_pb_image src=\u00a0\u00bbhttps:\/\/associationlamancha.fr\/wp-content\/uploads\/2024\/05\/IMG_20240513_173002.jpg\u00a0\u00bb title_text=\u00a0\u00bbIMG_20240513_173002&Prime; _builder_version=\u00a0\u00bb4.17.3&Prime; _module_preset=\u00a0\u00bbdefault\u00a0\u00bb width=\u00a0\u00bb72%\u00a0\u00bb max_width=\u00a0\u00bb95%\u00a0\u00bb custom_padding=\u00a0\u00bb20px||||false|false\u00a0\u00bb global_colors_info=\u00a0\u00bb{}\u00a0\u00bb][\/et_pb_image][et_pb_image src=\u00a0\u00bbhttps:\/\/associationlamancha.fr\/wp-content\/uploads\/2024\/05\/IMG_20240513_173032.jpg\u00a0\u00bb title_text=\u00a0\u00bbIMG_20240513_173032&Prime; _builder_version=\u00a0\u00bb4.17.3&Prime; _module_preset=\u00a0\u00bbdefault\u00a0\u00bb width=\u00a0\u00bb73%\u00a0\u00bb max_width=\u00a0\u00bb94%\u00a0\u00bb custom_padding=\u00a0\u00bb30px||||false|false\u00a0\u00bb global_colors_info=\u00a0\u00bb{}\u00a0\u00bb][\/et_pb_image][\/et_pb_column][\/et_pb_row][et_pb_row column_structure=\u00a0\u00bb1_2,1_2&Prime; admin_label=\u00a0\u00bbrow\u00a0\u00bb _builder_version=\u00a0\u00bb4.17.3&Prime; background_size=\u00a0\u00bbinitial\u00a0\u00bb background_position=\u00a0\u00bbtop_left\u00a0\u00bb background_repeat=\u00a0\u00bbrepeat\u00a0\u00bb width=\u00a0\u00bb38%\u00a0\u00bb min_height=\u00a0\u00bb614.9px\u00a0\u00bb border_width_all=\u00a0\u00bb1px\u00a0\u00bb border_color_all=\u00a0\u00bb#000000&Prime; global_colors_info=\u00a0\u00bb{}\u00a0\u00bb][et_pb_column type=\u00a0\u00bb1_2&Prime; _builder_version=\u00a0\u00bb4.16&Prime; custom_padding=\u00a0\u00bb|||\u00a0\u00bb global_colors_info=\u00a0\u00bb{}\u00a0\u00bb custom_padding__hover=\u00a0\u00bb|||\u00a0\u00bb][et_pb_text _builder_version=\u00a0\u00bb4.17.3&Prime; _module_preset=\u00a0\u00bbdefault\u00a0\u00bb text_font=\u00a0\u00bbActor||||||||\u00a0\u00bb text_font_size=\u00a0\u00bb19px\u00a0\u00bb width=\u00a0\u00bb85%\u00a0\u00bb max_width=\u00a0\u00bb83%\u00a0\u00bb module_alignment=\u00a0\u00bbcenter\u00a0\u00bb min_height=\u00a0\u00bb314px\u00a0\u00bb height=\u00a0\u00bb286px\u00a0\u00bb max_height=\u00a0\u00bb1000px\u00a0\u00bb custom_margin=\u00a0\u00bb20px||||false|false\u00a0\u00bb custom_padding=\u00a0\u00bb0px|10px|2px|0px|false|false\u00a0\u00bb border_color_all=\u00a0\u00bb#E02B20&Prime; global_colors_info=\u00a0\u00bb{}\u00a0\u00bb]<\/p>\n<p><img fetchpriority=\"high\" fetchpriority=\"high\" decoding=\"async\" src=\"https:\/\/associationlamancha.fr\/wp-content\/uploads\/2024\/07\/WhatsApp-Image-2024-07-15-at-18.26.34-1-145x300.jpeg\" width=\"327\" height=\"677\" alt=\"\" class=\"wp-image-1242198 alignnone size-medium\" \/><\/p>\n<p>[\/et_pb_text][\/et_pb_column][et_pb_column type=\u00a0\u00bb1_2&Prime; _builder_version=\u00a0\u00bb4.17.3&Prime; _module_preset=\u00a0\u00bbdefault\u00a0\u00bb global_colors_info=\u00a0\u00bb{}\u00a0\u00bb][et_pb_image src=\u00a0\u00bbhttps:\/\/associationlamancha.fr\/wp-content\/uploads\/2024\/07\/WhatsApp-Image-2024-07-15-at-18.26.34.jpeg\u00a0\u00bb title_text=\u00a0\u00bbWhatsApp Image 2024-07-15 at 18.26.34&Prime; _builder_version=\u00a0\u00bb4.17.3&Prime; _module_preset=\u00a0\u00bbdefault\u00a0\u00bb custom_padding=\u00a0\u00bb|10px|||false|false\u00a0\u00bb border_width_all=\u00a0\u00bb1px\u00a0\u00bb border_color_all=\u00a0\u00bb#000000&Prime; global_colors_info=\u00a0\u00bb{}\u00a0\u00bb][\/et_pb_image][\/et_pb_column][\/et_pb_row][et_pb_row column_structure=\u00a0\u00bb1_2,1_2&Prime; admin_label=\u00a0\u00bbrow\u00a0\u00bb _builder_version=\u00a0\u00bb4.17.3&Prime; background_size=\u00a0\u00bbinitial\u00a0\u00bb background_position=\u00a0\u00bbtop_left\u00a0\u00bb background_repeat=\u00a0\u00bbrepeat\u00a0\u00bb width=\u00a0\u00bb38%\u00a0\u00bb min_height=\u00a0\u00bb614.9px\u00a0\u00bb custom_padding=\u00a0\u00bb||20px||false|false\u00a0\u00bb border_width_all=\u00a0\u00bb1px\u00a0\u00bb border_color_all=\u00a0\u00bb#000000&Prime; global_colors_info=\u00a0\u00bb{}\u00a0\u00bb][et_pb_column type=\u00a0\u00bb1_2&Prime; _builder_version=\u00a0\u00bb4.16&Prime; custom_padding=\u00a0\u00bb|||\u00a0\u00bb global_colors_info=\u00a0\u00bb{}\u00a0\u00bb custom_padding__hover=\u00a0\u00bb|||\u00a0\u00bb][et_pb_text _builder_version=\u00a0\u00bb4.17.3&Prime; _module_preset=\u00a0\u00bbdefault\u00a0\u00bb text_font=\u00a0\u00bbActor||||||||\u00a0\u00bb text_font_size=\u00a0\u00bb19px\u00a0\u00bb width=\u00a0\u00bb85%\u00a0\u00bb max_width=\u00a0\u00bb83%\u00a0\u00bb module_alignment=\u00a0\u00bbcenter\u00a0\u00bb min_height=\u00a0\u00bb314px\u00a0\u00bb height=\u00a0\u00bb286px\u00a0\u00bb max_height=\u00a0\u00bb1000px\u00a0\u00bb custom_padding=\u00a0\u00bb100px||2px||false|false\u00a0\u00bb border_color_all=\u00a0\u00bb#E02B20&Prime; global_colors_info=\u00a0\u00bb{}\u00a0\u00bb][\/et_pb_text][et_pb_image src=\u00a0\u00bbhttps:\/\/associationlamancha.fr\/wp-content\/uploads\/2024\/06\/WhatsApp-Image-2024-05-31-at-06.59.50.jpeg\u00a0\u00bb title_text=\u00a0\u00bbWhatsApp Image 2024-05-31 at 06.59.50&Prime; _builder_version=\u00a0\u00bb4.17.3&Prime; _module_preset=\u00a0\u00bbdefault\u00a0\u00bb width=\u00a0\u00bb72%\u00a0\u00bb module_alignment=\u00a0\u00bbcenter\u00a0\u00bb custom_margin=\u00a0\u00bb-300px||||false|false\u00a0\u00bb global_colors_info=\u00a0\u00bb{}\u00a0\u00bb][\/et_pb_image][\/et_pb_column][et_pb_column type=\u00a0\u00bb1_2&Prime; _builder_version=\u00a0\u00bb4.16&Prime; custom_padding=\u00a0\u00bb|||\u00a0\u00bb global_colors_info=\u00a0\u00bb{}\u00a0\u00bb custom_padding__hover=\u00a0\u00bb|||\u00a0\u00bb][et_pb_image src=\u00a0\u00bbhttps:\/\/associationlamancha.fr\/wp-content\/uploads\/2024\/06\/CuisinePerou.jpeg\u00a0\u00bb title_text=\u00a0\u00bbCuisineP\u00e9rou\u00a0\u00bb _builder_version=\u00a0\u00bb4.17.3&Prime; _module_preset=\u00a0\u00bbdefault\u00a0\u00bb width=\u00a0\u00bb100%\u00a0\u00bb max_width=\u00a0\u00bb100%\u00a0\u00bb custom_margin=\u00a0\u00bb100px|20px|||false|false\u00a0\u00bb custom_padding=\u00a0\u00bb|20px|||false|false\u00a0\u00bb global_colors_info=\u00a0\u00bb{}\u00a0\u00bb][\/et_pb_image][\/et_pb_column][\/et_pb_row][\/et_pb_section]<\/p>\n","protected":false},"excerpt":{"rendered":"<p>Chaque ann\u00e9e, la France met \u00e0 l\u2019honneur l\u2019Am\u00e9rique latine et les Cara\u00efbes \u00e0 travers des Semaines de l\u2019Am\u00e9rique Latine et les Cara\u00efbes (S. A. L. C.). Une occasion de c\u00e9l\u00e9brer [&hellip;]<\/p>\n","protected":false},"author":1,"featured_media":0,"parent":0,"menu_order":0,"comment_status":"closed","ping_status":"closed","template":"page-template-blank.php","meta":{"_et_pb_use_builder":"on","_et_pb_old_content":"","_et_gb_content_width":"1080","_uag_custom_page_level_css":"","_price":"","_stock":"","_tribe_ticket_header":"","_tribe_default_ticket_provider":"","_tribe_ticket_capacity":"0","_ticket_start_date":"","_ticket_end_date":"","_tribe_ticket_show_description":"","_tribe_ticket_show_not_going":false,"_tribe_ticket_use_global_stock":"","_tribe_ticket_global_stock_level":"","_global_stock_mode":"","_global_stock_cap":"","_tribe_rsvp_for_event":"","_tribe_ticket_going_count":"","_tribe_ticket_not_going_count":"","_tribe_tickets_list":"[]","_tribe_ticket_has_attendee_info_fields":false,"footnotes":"","_tec_slr_enabled":"","_tec_slr_layout":""},"class_list":["post-433619","page","type-page","status-publish","hentry"],"uagb_featured_image_src":{"full":false,"thumbnail":false,"medium":false,"medium_large":false,"large":false,"1536x1536":false,"2048x2048":false,"bloom_image":false,"et-pb-post-main-image":false,"et-pb-post-main-image-fullwidth":false,"et-pb-portfolio-image":false,"et-pb-portfolio-module-image":false,"et-pb-portfolio-image-single":false,"et-pb-gallery-module-image-portrait":false,"et-pb-post-main-image-fullwidth-large":false,"et-pb-image--responsive--desktop":false,"et-pb-image--responsive--tablet":false,"et-pb-image--responsive--phone":false},"uagb_author_info":{"display_name":"admin4162","author_link":"https:\/\/associationlamancha.fr"},"uagb_comment_info":0,"uagb_excerpt":"Chaque ann\u00e9e, la France met \u00e0 l\u2019honneur l\u2019Am\u00e9rique latine et les Cara\u00efbes \u00e0 travers des Semaines de l\u2019Am\u00e9rique Latine et les Cara\u00efbes (S. A. L. C.). Une occasion de c\u00e9l\u00e9brer [&hellip;]","ticketed":false,"_links":{"self":[{"href":"https:\/\/associationlamancha.fr\/index.php\/wp-json\/wp\/v2\/pages\/433619","targetHints":{"allow":["GET"]}}],"collection":[{"href":"https:\/\/associationlamancha.fr\/index.php\/wp-json\/wp\/v2\/pages"}],"about":[{"href":"https:\/\/associationlamancha.fr\/index.php\/wp-json\/wp\/v2\/types\/page"}],"author":[{"embeddable":true,"href":"https:\/\/associationlamancha.fr\/index.php\/wp-json\/wp\/v2\/users\/1"}],"replies":[{"embeddable":true,"href":"https:\/\/associationlamancha.fr\/index.php\/wp-json\/wp\/v2\/comments?post=433619"}],"version-history":[{"count":19,"href":"https:\/\/associationlamancha.fr\/index.php\/wp-json\/wp\/v2\/pages\/433619\/revisions"}],"predecessor-version":[{"id":1648461,"href":"https:\/\/associationlamancha.fr\/index.php\/wp-json\/wp\/v2\/pages\/433619\/revisions\/1648461"}],"wp:attachment":[{"href":"https:\/\/associationlamancha.fr\/index.php\/wp-json\/wp\/v2\/media?parent=433619"}],"curies":[{"name":"wp","href":"https:\/\/api.w.org\/{rel}","templated":true}]}}