{"id":58737,"date":"2021-11-16T11:52:57","date_gmt":"2021-11-16T10:52:57","guid":{"rendered":"https:\/\/associationlamancha.fr\/?page_id=58737"},"modified":"2025-12-21T18:40:43","modified_gmt":"2025-12-21T17:40:43","slug":"lequipe-au-16-01-21","status":"publish","type":"page","link":"https:\/\/associationlamancha.fr\/index.php\/lequipe-au-16-01-21\/","title":{"rendered":"L&rsquo;Equipe"},"content":{"rendered":"<p>[et_pb_section fb_built=\u00a0\u00bb1&Prime; _builder_version=\u00a0\u00bb4.17.3&Prime; custom_margin=\u00a0\u00bb|-5px||-244px|false|false\u00a0\u00bb global_colors_info=\u00a0\u00bb{}\u00a0\u00bb][et_pb_row _builder_version=\u00a0\u00bb4.16&Prime; background_size=\u00a0\u00bbinitial\u00a0\u00bb background_position=\u00a0\u00bbtop_left\u00a0\u00bb background_repeat=\u00a0\u00bbrepeat\u00a0\u00bb custom_margin=\u00a0\u00bb|-46px||496px||\u00a0\u00bb global_colors_info=\u00a0\u00bb{}\u00a0\u00bb][et_pb_column type=\u00a0\u00bb4_4&Prime; _builder_version=\u00a0\u00bb4.16&Prime; custom_padding=\u00a0\u00bb|||\u00a0\u00bb global_colors_info=\u00a0\u00bb{}\u00a0\u00bb custom_padding__hover=\u00a0\u00bb|||\u00a0\u00bb][et_pb_text _builder_version=\u00a0\u00bb4.17.3&Prime; _module_preset=\u00a0\u00bbdefault\u00a0\u00bb width=\u00a0\u00bb100%\u00a0\u00bb custom_padding=\u00a0\u00bb50px||50px||false|false\u00a0\u00bb hover_enabled=\u00a0\u00bb0&Prime; border_color_all=\u00a0\u00bb#000000&Prime; box_shadow_style=\u00a0\u00bbpreset2&Prime; global_colors_info=\u00a0\u00bb{}\u00a0\u00bb sticky_enabled=\u00a0\u00bb0&Prime;]<\/p>\n<p style=\"text-align: center;\"><strong>CONSEIL D&rsquo;ADMINISTRATION &#8211; Elections du 5 octobre 2023<\/strong><\/p>\n<p style=\"text-align: center;\">\u00a0&#8212;<\/p>\n<p style=\"text-align: center;\"><strong>CoPr\u00e9sidentes<\/strong> :<\/p>\n<p style=\"text-align: center;\"><strong>Laurence ANNE<\/strong>, Professeur d&rsquo;espagnol, Lyc\u00e9e Millet<\/p>\n<p style=\"text-align: center;\"><strong>Alina SANTA CRUZ<\/strong>, Enseignante-Chercheur, Universit\u00e9 de Caen<\/p>\n<p style=\"text-align: center;\"><strong><\/strong><\/p>\n<p style=\"text-align: center;\"><strong>Tr\u00e9sorerie <\/strong>: <strong>Marie-Isabelle BEA<\/strong>, Enseignante Maths\/Sciences, Lyc\u00e9e Professionnel Sauxmarais<\/p>\n<p style=\"text-align: center;\"><strong>Secr\u00e9tariat<\/strong> : <strong>Anne-Marie MALLEUX<\/strong>, Coordinatrice Supply Chain<\/p>\n<p style=\"text-align: center;\"><strong>Communication<\/strong> : <strong>Gilles Groult<\/strong>, Retrait\u00e9 de l&rsquo;Education Nationale<\/p>\n<p>[\/et_pb_text][\/et_pb_column][\/et_pb_row][\/et_pb_section]<\/p>\n","protected":false},"excerpt":{"rendered":"<p>CONSEIL D&rsquo;ADMINISTRATION &#8211; Elections du 5 octobre 2023 \u00a0&#8212; CoPr\u00e9sidentes : Laurence ANNE, Professeur d&rsquo;espagnol, Lyc\u00e9e Millet Alina SANTA CRUZ, Enseignante-Chercheur, Universit\u00e9 de Caen Tr\u00e9sorerie : Marie-Isabelle BEA, Enseignante Maths\/Sciences, [&hellip;]<\/p>\n","protected":false},"author":1,"featured_media":0,"parent":0,"menu_order":0,"comment_status":"closed","ping_status":"closed","template":"page-template-blank.php","meta":{"_et_pb_use_builder":"on","_et_pb_old_content":"<!-- wp:heading {\"textAlign\":\"center\",\"level\":1} -->\n<h1 class=\"wp-block-heading has-text-align-center\">BUREAU  au 16\/11\/2021<\/h1>\n<!-- \/wp:heading -->\n\n<!-- wp:table {\"align\":\"center\",\"style\":{\"color\":{\"background\":\"#f3f1f1\"}},\"textColor\":\"black\",\"className\":\"is-style-stripes\"} -->\n<figure class=\"wp-block-table aligncenter is-style-stripes\"><table class=\"has-black-color has-text-color has-background\" style=\"background-color:#f3f1f1\"><tbody><tr><td class=\"has-text-align-center\" data-align=\"center\"><\/td><td>             <\/td><td class=\"has-text-align-center\" data-align=\"center\"><br>Pr\u00e9sident<br><br><\/td><td>              <\/td><td class=\"has-text-align-center\" data-align=\"center\"><\/td><\/tr><tr><td class=\"has-text-align-center\" data-align=\"center\"><br>Tr\u00e9sorier<br><br><br><\/td><td><\/td><td class=\"has-text-align-center\" data-align=\"center\"><br>Secr\u00e9taire<br><br><br><\/td><td><\/td><td class=\"has-text-align-center\" data-align=\"center\"><img class=\"wp-image-33380\" style=\"width: 150px;\" src=\"https:\/\/associationlamancha.fr\/wp-content\/uploads\/2021\/11\/1517601370892.jpg\" alt=\"\"><br>Communication<br>Retrait\u00e9 <br>Education nationale<\/td><\/tr><\/tbody><\/table><\/figure>\n<!-- \/wp:table -->\n\n<!-- wp:paragraph -->\n<p><\/p>\n<!-- \/wp:paragraph -->\n\n<!-- wp:heading {\"textAlign\":\"center\"} -->\n<h2 class=\"wp-block-heading has-text-align-center\">BUREAU \u00e9largi<\/h2>\n<!-- \/wp:heading -->\n\n<!-- wp:list -->\n<ul><!-- wp:list-item -->\n<li>Laurence Anne<\/li>\n<!-- \/wp:list-item -->\n\n<!-- wp:list-item -->\n<li>R\u00e9my B\u00e9tremieux (r\u00e9f\u00e9rent enseignants espagnol)<\/li>\n<!-- \/wp:list-item -->\n\n<!-- wp:list-item -->\n<li>Luis Bustamante (membre fondateur)<\/li>\n<!-- \/wp:list-item -->\n\n<!-- wp:list-item -->\n<li>Jos\u00e9 Contreras Ventura<\/li>\n<!-- \/wp:list-item -->\n\n<!-- wp:list-item -->\n<li>Bernard Marti Fullana<\/li>\n<!-- \/wp:list-item -->\n\n<!-- wp:list-item -->\n<li>Jean-Pierre Martin<\/li>\n<!-- \/wp:list-item -->\n\n<!-- wp:list-item -->\n<li>Jo\u00ebl et Chantal Renet<\/li>\n<!-- \/wp:list-item -->\n\n<!-- wp:list-item -->\n<li>Alina Santa-Cruz (r\u00e9f\u00e9rente ateliers cuisine)<\/li>\n<!-- \/wp:list-item --><\/ul>\n<!-- \/wp:list -->\n\n<!-- wp:paragraph -->\n<p><\/p>\n<!-- \/wp:paragraph -->\n\n<!-- wp:paragraph -->\n<p><\/p>\n<!-- \/wp:paragraph -->","_et_gb_content_width":"1555","_uag_custom_page_level_css":"","_price":"","_stock":"","_tribe_ticket_header":"","_tribe_default_ticket_provider":"","_tribe_ticket_capacity":"0","_ticket_start_date":"","_ticket_end_date":"","_tribe_ticket_show_description":"","_tribe_ticket_show_not_going":false,"_tribe_ticket_use_global_stock":"","_tribe_ticket_global_stock_level":"","_global_stock_mode":"","_global_stock_cap":"","_tribe_rsvp_for_event":"","_tribe_ticket_going_count":"","_tribe_ticket_not_going_count":"","_tribe_tickets_list":"[]","_tribe_ticket_has_attendee_info_fields":false,"footnotes":"","_tec_slr_enabled":"","_tec_slr_layout":""},"class_list":["post-58737","page","type-page","status-publish","hentry"],"uagb_featured_image_src":{"full":false,"thumbnail":false,"medium":false,"medium_large":false,"large":false,"1536x1536":false,"2048x2048":false,"bloom_image":false,"et-pb-post-main-image":false,"et-pb-post-main-image-fullwidth":false,"et-pb-portfolio-image":false,"et-pb-portfolio-module-image":false,"et-pb-portfolio-image-single":false,"et-pb-gallery-module-image-portrait":false,"et-pb-post-main-image-fullwidth-large":false,"et-pb-image--responsive--desktop":false,"et-pb-image--responsive--tablet":false,"et-pb-image--responsive--phone":false},"uagb_author_info":{"display_name":"admin4162","author_link":"https:\/\/associationlamancha.fr"},"uagb_comment_info":0,"uagb_excerpt":"CONSEIL D'ADMINISTRATION - Elections du 5 octobre 2023 \u00a0--- CoPr\u00e9sidentes : Laurence ANNE, Professeur d'espagnol, Lyc\u00e9e Millet Alina SANTA CRUZ, Enseignante-Chercheur, Universit\u00e9 de Caen Tr\u00e9sorerie : Marie-Isabelle BEA, Enseignante Maths\/Sciences, [&hellip;]","ticketed":false,"_links":{"self":[{"href":"https:\/\/associationlamancha.fr\/index.php\/wp-json\/wp\/v2\/pages\/58737","targetHints":{"allow":["GET"]}}],"collection":[{"href":"https:\/\/associationlamancha.fr\/index.php\/wp-json\/wp\/v2\/pages"}],"about":[{"href":"https:\/\/associationlamancha.fr\/index.php\/wp-json\/wp\/v2\/types\/page"}],"author":[{"embeddable":true,"href":"https:\/\/associationlamancha.fr\/index.php\/wp-json\/wp\/v2\/users\/1"}],"replies":[{"embeddable":true,"href":"https:\/\/associationlamancha.fr\/index.php\/wp-json\/wp\/v2\/comments?post=58737"}],"version-history":[{"count":51,"href":"https:\/\/associationlamancha.fr\/index.php\/wp-json\/wp\/v2\/pages\/58737\/revisions"}],"predecessor-version":[{"id":2281418,"href":"https:\/\/associationlamancha.fr\/index.php\/wp-json\/wp\/v2\/pages\/58737\/revisions\/2281418"}],"wp:attachment":[{"href":"https:\/\/associationlamancha.fr\/index.php\/wp-json\/wp\/v2\/media?parent=58737"}],"curies":[{"name":"wp","href":"https:\/\/api.w.org\/{rel}","templated":true}]}}